{"id":8391,"date":"2017-09-03T02:41:49","date_gmt":"2017-09-03T00:41:49","guid":{"rendered":"https:\/\/www.solarispowercharter.com\/corporate-creative-landing\/"},"modified":"2025-02-07T11:36:05","modified_gmt":"2025-02-07T10:36:05","slug":"corporate-creative-landing","status":"publish","type":"page","link":"https:\/\/www.solarispowercharter.com\/fr\/","title":{"rendered":"SOLARIS POWER EN LOCATION"},"content":{"rendered":"[vc_row type=\u00a0\u00bbin_container\u00a0\u00bb full_screen_row_position=\u00a0\u00bbmiddle\u00a0\u00bb scene_position=\u00a0\u00bbcenter\u00a0\u00bb text_color=\u00a0\u00bbdark\u00a0\u00bb text_align=\u00a0\u00bbleft\u00a0\u00bb disable_element=\u00a0\u00bbyes\u00a0\u00bb overlay_strength=\u00a0\u00bb0.3&Prime; shape_divider_position=\u00a0\u00bbbottom\u00a0\u00bb bg_image_animation=\u00a0\u00bbnone\u00a0\u00bb parallax_bg=\u00a0\u00bbtrue\u00a0\u00bb parallax_bg_speed=\u00a0\u00bbfixed\u00a0\u00bb shape_type=\u00a0\u00bb\u00a0\u00bb][vc_column column_padding=\u00a0\u00bbno-extra-padding\u00a0\u00bb column_padding_position=\u00a0\u00bball\u00a0\u00bb background_color_opacity=\u00a0\u00bb1&Prime; background_hover_color_opacity=\u00a0\u00bb1&Prime; column_link_target=\u00a0\u00bb_self\u00a0\u00bb column_shadow=\u00a0\u00bbnone\u00a0\u00bb column_border_radius=\u00a0\u00bbnone\u00a0\u00bb width=\u00a0\u00bb1\/1&Prime; tablet_width_inherit=\u00a0\u00bbdefault\u00a0\u00bb tablet_text_alignment=\u00a0\u00bbdefault\u00a0\u00bb phone_text_alignment=\u00a0\u00bbdefault\u00a0\u00bb column_border_width=\u00a0\u00bbnone\u00a0\u00bb column_border_style=\u00a0\u00bbsolid\u00a0\u00bb bg_image_animation=\u00a0\u00bbnone\u00a0\u00bb]<div data-midnight=\"nectar-slider\" class=\"parallax_slider_outer \" ><div  data-transition=\"slide\" data-overall_style=\"classic\" data-flexible-height=\"\" data-animate-in-effect=\"none\" data-fullscreen=\"false\" data-button-sizing=\"regular\" data-button-styling=\"btn_with_count\" data-autorotate=\"5000\" data-parallax=\"true\" data-parallax-disable-mobile=\"true\" data-caption-trans=\"fade_in_from_bottom\" data-parallax-style=\"bg_only\" data-bg-animation=\"none\" data-full-width=\"true\" class=\"nectar-slider-wrap \" id=\"ns-id-69f4a0364c10d\" ><div class=\"swiper-container\"   data-tho=\"20\" data-tco=\"10\" data-pho=\"20\" data-pco=\"10\" data-loop=\"true\" data-height=\"700\" data-min-height=\"\" data-arrows=\"false\" data-bullets=\"true\" data-bullet_style=\"see_through_ar_visualized\" data-bullet_position=\"bottom\" data-desktop-swipe=\"true\" data-settings=\"\"> <div class=\"swiper-wrapper\"><div class=\"swiper-slide\" data-desktop-content-width=\"auto\" data-tablet-content-width=\"auto\" data-bg-alignment=\"center\" data-color-scheme=\"light\" data-x-pos=\"centered\" data-y-pos=\"middle\" > \n\t\t\t\t\t\t\t\t<div class=\"slide-bg-wrap\"><div class=\"image-bg\" style=\"background-image: url(https:\/\/www.solarispowercharter.com\/wp-content\/uploads\/2019\/02\/alquier-barcos-mallorca-2.jpg);\"> &nbsp; <\/div><\/div><div class=\"container\">\n\t\t\t\t\t\t\t\t\t<div class=\"content\"><h2>BATEAUX DE LOCATION \u00c0 MAJORQUE<\/h2><p  ><span>LA PLUS GRANDE FLOTTE DE BATEAUX DE LOCATION \u00c0 MOTEUR DES BAL\u00c9ARES<\/span><\/p><\/div>\n\t\t\t\t<\/div><!--\/container--><div class=\"video-texture active_texture\"> <span class=\"ie-fix\"><\/span> <\/div><\/div> <!--\/swiper-slide--><div class=\"swiper-slide\" data-desktop-content-width=\"auto\" data-tablet-content-width=\"auto\" data-bg-alignment=\"center\" data-color-scheme=\"light\" data-x-pos=\"centered\" data-y-pos=\"middle\" > \n\t\t\t\t\t\t\t\t<div class=\"slide-bg-wrap\"><div class=\"image-bg\" style=\"background-image: url(https:\/\/www.solarispowercharter.com\/wp-content\/uploads\/2019\/03\/a-2-1.jpg);\"> &nbsp; <\/div><\/div><div class=\"container\">\n\t\t\t\t\t\t\t\t\t<div class=\"content\"><h2>BATEAUX DE LOCATION \u00c0 MAJORQUE ET IBIZA<\/h2><p  ><span>SERVICE PROFESSIONNEL EN FRAN\u00c7AIS<\/span><\/p><\/div>\n\t\t\t\t<\/div><!--\/container--><div class=\"video-texture active_texture\"> <span class=\"ie-fix\"><\/span> <\/div><\/div> <!--\/swiper-slide--><div class=\"swiper-slide\" data-desktop-content-width=\"auto\" data-tablet-content-width=\"auto\" data-bg-alignment=\"center\" data-color-scheme=\"light\" data-x-pos=\"centered\" data-y-pos=\"middle\" > \n\t\t\t\t\t\t\t\t<div class=\"slide-bg-wrap\"><div class=\"image-bg\" style=\"background-image: url(https:\/\/www.solarispowercharter.com\/wp-content\/uploads\/2019\/01\/aerial-view-of-seashore-with-transparent-blue-4ZTVFPM.jpg);\"> &nbsp; <\/div><\/div><div class=\"container\">\n\t\t\t\t\t\t\t\t\t<div class=\"content\"><h2>LA PLUS GRANDE FLOTTE DE LOCATION DE BATEAUX A MOTEUR DES BAL\u00c9ARES<\/h2><p  ><span>LOUER LE BATEAU DE VOS R\u00caVES<\/span><\/p><\/div>\n\t\t\t\t<\/div><!--\/container--><div class=\"video-texture active_texture\"> <span class=\"ie-fix\"><\/span> <\/div><\/div> <!--\/swiper-slide--><\/div><div class=\"container normal-container slider-pagination-wrap\"><div class=\"slider-pagination\"><\/div><\/div><div class=\"nectar-slider-loading \"> <span class=\"loading-icon none\">   <\/span> <\/div> <\/div> \n\t\t\t\t\n\t\t\t<\/div><\/div>[\/vc_column][\/vc_row][vc_row type=\u00a0\u00bbfull_width_background\u00a0\u00bb full_screen_row_position=\u00a0\u00bbmiddle\u00a0\u00bb bg_image=\u00a0\u00bb6467&Prime; bg_position=\u00a0\u00bbleft top\u00a0\u00bb bg_repeat=\u00a0\u00bbrepeat\u00a0\u00bb scene_position=\u00a0\u00bbcenter\u00a0\u00bb text_color=\u00a0\u00bbdark\u00a0\u00bb text_align=\u00a0\u00bbcenter\u00a0\u00bb top_padding=\u00a0\u00bb2%\u00a0\u00bb bottom_padding=\u00a0\u00bb2%\u00a0\u00bb id=\u00a0\u00bbrooms\u00a0\u00bb color_overlay=\u00a0\u00bbrgba(0,0,0,0.08)\u00a0\u00bb overlay_strength=\u00a0\u00bb0.3&Prime; shape_divider_position=\u00a0\u00bbtop\u00a0\u00bb shape_divider_bring_to_front=\u00a0\u00bbtrue\u00a0\u00bb bg_image_animation=\u00a0\u00bbnone\u00a0\u00bb shape_type=\u00a0\u00bbwaves_opacity\u00a0\u00bb][vc_column column_padding=\u00a0\u00bbno-extra-padding\u00a0\u00bb column_padding_position=\u00a0\u00bball\u00a0\u00bb background_color_opacity=\u00a0\u00bb1&Prime; background_hover_color_opacity=\u00a0\u00bb1&Prime; column_link_target=\u00a0\u00bb_self\u00a0\u00bb column_shadow=\u00a0\u00bbnone\u00a0\u00bb column_border_radius=\u00a0\u00bbnone\u00a0\u00bb width=\u00a0\u00bb1\/1&Prime; tablet_width_inherit=\u00a0\u00bbdefault\u00a0\u00bb tablet_text_alignment=\u00a0\u00bbdefault\u00a0\u00bb phone_text_alignment=\u00a0\u00bbdefault\u00a0\u00bb column_border_width=\u00a0\u00bbnone\u00a0\u00bb column_border_style=\u00a0\u00bbsolid\u00a0\u00bb bg_image_animation=\u00a0\u00bbnone\u00a0\u00bb][vc_column_text]\n<h1 style=\"text-align: center;\">SOLARIS POWER EN LOCATION<\/h1>\n[\/vc_column_text][\/vc_column][\/vc_row][vc_row type=\u00a0\u00bbin_container\u00a0\u00bb full_screen_row_position=\u00a0\u00bbmiddle\u00a0\u00bb bg_color=\u00a0\u00bb#ffffff\u00a0\u00bb scene_position=\u00a0\u00bbcenter\u00a0\u00bb text_color=\u00a0\u00bbdark\u00a0\u00bb text_align=\u00a0\u00bbleft\u00a0\u00bb top_padding=\u00a0\u00bb2%\u00a0\u00bb id=\u00a0\u00bbboats\u00a0\u00bb overlay_strength=\u00a0\u00bb0.3&Prime; shape_divider_position=\u00a0\u00bbbottom\u00a0\u00bb bg_image_animation=\u00a0\u00bbfade-in\u00a0\u00bb shape_type=\u00a0\u00bb\u00a0\u00bb][vc_column column_padding=\u00a0\u00bbpadding-1-percent\u00a0\u00bb column_padding_position=\u00a0\u00bbleft-right\u00a0\u00bb background_color_opacity=\u00a0\u00bb1&Prime; background_hover_color_opacity=\u00a0\u00bb1&Prime; column_link_target=\u00a0\u00bb_self\u00a0\u00bb column_shadow=\u00a0\u00bbnone\u00a0\u00bb column_border_radius=\u00a0\u00bbnone\u00a0\u00bb width=\u00a0\u00bb1\/1&Prime; tablet_width_inherit=\u00a0\u00bbdefault\u00a0\u00bb tablet_text_alignment=\u00a0\u00bbdefault\u00a0\u00bb phone_text_alignment=\u00a0\u00bbdefault\u00a0\u00bb column_border_width=\u00a0\u00bbnone\u00a0\u00bb column_border_style=\u00a0\u00bbsolid\u00a0\u00bb bg_image_animation=\u00a0\u00bbnone\u00a0\u00bb][vc_column_text]<div class=\"ich-settings-main-wrap\">\r\n\t\t\r\n\t<div class=\"row \"><div id=\"property-22859\"  class=\"col-sm-4 m-item post-22859 rem_property type-rem_property status-publish\"><div class=\"landz-box-property box-grid propery-style-3\">\r\n    \t<a target=\"\" class=\"hover-effect image image-fill\" href=\"https:\/\/www.solarispowercharter.com\/fr\/barcos\/solaris-power-44-open-en-charter-a-menorca\/\">\r\n\t\t<span class=\"cover\"><\/span>\r\n\t\t<img loading=\"lazy\" decoding=\"async\" width=\"800\" height=\"400\" src=\"https:\/\/www.solarispowercharter.com\/wp-content\/uploads\/2023\/04\/44-Open-2022-05.jpg\" class=\"img-responsive rem-f-image\" alt=\"44 Open 2022 05\" data-pid=\"22859\" srcset=\"https:\/\/www.solarispowercharter.com\/wp-content\/uploads\/2023\/04\/44-Open-2022-05.jpg 800w, https:\/\/www.solarispowercharter.com\/wp-content\/uploads\/2023\/04\/44-Open-2022-05-300x150.jpg 300w, https:\/\/www.solarispowercharter.com\/wp-content\/uploads\/2023\/04\/44-Open-2022-05-768x384.jpg 768w, https:\/\/www.solarispowercharter.com\/wp-content\/uploads\/2023\/04\/44-Open-2022-05-670x335.jpg 670w\" sizes=\"auto, (max-width: 800px) 100vw, 800px\" \/>\t\t<h3 class=\"title\">SOLARIS POWER 44 Open en charter \u00e0 Menorca<\/h3>\r\n\t<\/a>\r\n\t<span class=\"price\">\r\n\t\t\t\t\tDesde <span class=\"rem-price-amount\">2.630<span class=\"rem-currency-symbol\">&euro;<\/span><\/span>\t\t\t<\/span>\r\n\t<span class=\"address\"><i class=\"fa fa-map-marker-alt\"><\/i> Mallorca<\/span>\r\n\t<span class=\"description\">Nouveau Solaris Power 44 Open en location \u00e0 Minorque. Toutes les caract\u00e9ristiques maritimes de la gamme Solaris Power avec la\u2026<\/span>\r\n\t\r\n\t            <div class=\"detail\">\r\n                <table class=\"table table-bordered\">\r\n                \r\n                                                                                                                                                <tr>\r\n                                        <td><i class=\"fa fa-ship\"><\/i><\/td>                                    \r\n                                        <td>Type de bateau<\/td>\r\n                                        <td>Motor<\/td>\r\n                                    <\/tr>\r\n                                                                                                                                                                                                                <tr>\r\n                                        <td><i class=\"fa fa-users\"><\/i><\/td>                                    \r\n                                        <td>Capacit\u00e9<\/td>\r\n                                        <td>12<\/td>\r\n                                    <\/tr>\r\n                                                                                                                                                                                                                <tr>\r\n                                        <td><i class=\"fa fa-bed\"><\/i><\/td>                                    \r\n                                        <td>Cabines<\/td>\r\n                                        <td>2<\/td>\r\n                                    <\/tr>\r\n                                                                                                    <\/table>\r\n            <\/div>\r\n        \r\n\t<div class=\"footer\">\r\n\t\t<div class=\"footer-buttons\">\r\n                            <a target=\"\" class=\"btn btn-default\" href=\"https:\/\/www.solarispowercharter.com\/fr\/barcos\/solaris-power-44-open-en-charter-a-menorca\/\">\r\n                    D\u00e9tails                <\/a>\r\n                        <\/div>\r\n\t<\/div>\r\n<\/div><\/div><div id=\"property-22619\"  class=\"col-sm-4 m-item post-22619 rem_property type-rem_property status-publish has-post-thumbnail\"><div class=\"landz-box-property box-grid propery-style-3\">\r\n    \t<a target=\"\" class=\"hover-effect image image-fill\" href=\"https:\/\/www.solarispowercharter.com\/fr\/barcos\/ibiza-alquiler-solaris-power-40\/\">\r\n\t\t<span class=\"cover\"><\/span>\r\n\t\t<img loading=\"lazy\" decoding=\"async\" width=\"800\" height=\"533\" src=\"https:\/\/www.solarispowercharter.com\/wp-content\/uploads\/2023\/04\/SolarisPower40_Open_22cb_3225.jpg\" class=\"img-responsive rem-f-image wp-post-image\" alt=\"SolarisPower40 Open 22cb 3225\" data-pid=\"22619\" srcset=\"https:\/\/www.solarispowercharter.com\/wp-content\/uploads\/2023\/04\/SolarisPower40_Open_22cb_3225.jpg 800w, https:\/\/www.solarispowercharter.com\/wp-content\/uploads\/2023\/04\/SolarisPower40_Open_22cb_3225-300x200.jpg 300w, https:\/\/www.solarispowercharter.com\/wp-content\/uploads\/2023\/04\/SolarisPower40_Open_22cb_3225-768x512.jpg 768w\" sizes=\"auto, (max-width: 800px) 100vw, 800px\" \/>\t\t<h3 class=\"title\">IBIZA LOCATION Solaris Power 40<\/h3>\r\n\t<\/a>\r\n\t<span class=\"price\">\r\n\t\t\t\t\tDesde<span class=\"rem-price-amount\">1.500<span class=\"rem-currency-symbol\">&euro;<\/span><\/span>\t\t\t<\/span>\r\n\t<span class=\"address\"><i class=\"fa fa-map-marker-alt\"><\/i> Ibiza<\/span>\r\n\t<span class=\"description\">NOUVEAUT\u00c9 2023\u00a0! Solaris Power 40 \u00e0 louer \u00e0 Ibiza, le plus r\u00e9cent et le plus beau bateau \u00e0 louer aux\u2026<\/span>\r\n\t\r\n\t            <div class=\"detail\">\r\n                <table class=\"table table-bordered\">\r\n                \r\n                                                                                                                                                <tr>\r\n                                        <td><i class=\"fa fa-ship\"><\/i><\/td>                                    \r\n                                        <td>Type de bateau<\/td>\r\n                                        <td>Motor<\/td>\r\n                                    <\/tr>\r\n                                                                                                                                                                                                                <tr>\r\n                                        <td><i class=\"fa fa-users\"><\/i><\/td>                                    \r\n                                        <td>Capacit\u00e9<\/td>\r\n                                        <td>9<\/td>\r\n                                    <\/tr>\r\n                                                                                                                                                                                                                <tr>\r\n                                        <td><i class=\"fa fa-bed\"><\/i><\/td>                                    \r\n                                        <td>Cabines<\/td>\r\n                                        <td>1<\/td>\r\n                                    <\/tr>\r\n                                                                                                    <\/table>\r\n            <\/div>\r\n        \r\n\t<div class=\"footer\">\r\n\t\t<div class=\"footer-buttons\">\r\n                            <a target=\"\" class=\"btn btn-default\" href=\"https:\/\/www.solarispowercharter.com\/fr\/barcos\/ibiza-alquiler-solaris-power-40\/\">\r\n                    D\u00e9tails                <\/a>\r\n                        <\/div>\r\n\t<\/div>\r\n<\/div><\/div><div id=\"property-22613\"  class=\"col-sm-4 m-item post-22613 rem_property type-rem_property status-publish has-post-thumbnail\"><div class=\"landz-box-property box-grid propery-style-3\">\r\n    \t<a target=\"\" class=\"hover-effect image image-fill\" href=\"https:\/\/www.solarispowercharter.com\/fr\/barcos\/ibiza-alquiler-solaris-power-44\/\">\r\n\t\t<span class=\"cover\"><\/span>\r\n\t\t<img loading=\"lazy\" decoding=\"async\" width=\"1200\" height=\"799\" src=\"https:\/\/www.solarispowercharter.com\/wp-content\/uploads\/2023\/12\/Solaris-Power-44-Open-for-sale.jpg\" class=\"img-responsive rem-f-image wp-post-image\" alt=\"Solaris Power 44 Open for sale\" data-pid=\"22613\" srcset=\"https:\/\/www.solarispowercharter.com\/wp-content\/uploads\/2023\/12\/Solaris-Power-44-Open-for-sale.jpg 1200w, https:\/\/www.solarispowercharter.com\/wp-content\/uploads\/2023\/12\/Solaris-Power-44-Open-for-sale-300x200.jpg 300w, https:\/\/www.solarispowercharter.com\/wp-content\/uploads\/2023\/12\/Solaris-Power-44-Open-for-sale-1024x682.jpg 1024w, https:\/\/www.solarispowercharter.com\/wp-content\/uploads\/2023\/12\/Solaris-Power-44-Open-for-sale-768x511.jpg 768w, https:\/\/www.solarispowercharter.com\/wp-content\/uploads\/2023\/12\/Solaris-Power-44-Open-for-sale-900x600.jpg 900w\" sizes=\"auto, (max-width: 1200px) 100vw, 1200px\" \/>\t\t<h3 class=\"title\">IBIZA &#8211; LOCATION Solaris Power 44<\/h3>\r\n\t<\/a>\r\n\t<span class=\"price\">\r\n\t\t\t\t\tDesde<span class=\"rem-price-amount\">1.800<span class=\"rem-currency-symbol\">&euro;<\/span><\/span>\t\t\t<\/span>\r\n\t<span class=\"address\"><i class=\"fa fa-map-marker-alt\"><\/i> Ibiza<\/span>\r\n\t<span class=\"description\">NOUVEAUT\u00c9 2023\u00a0! Solaris Power 44 \u00e0 louer \u00e0 IBIZA, le plus r\u00e9cent et le plus beau bateau \u00e0 louer aux\u2026<\/span>\r\n\t\r\n\t            <div class=\"detail\">\r\n                <table class=\"table table-bordered\">\r\n                \r\n                                                                                                                                                <tr>\r\n                                        <td><i class=\"fa fa-ship\"><\/i><\/td>                                    \r\n                                        <td>Type de bateau<\/td>\r\n                                        <td>Motor<\/td>\r\n                                    <\/tr>\r\n                                                                                                                                                                                                                <tr>\r\n                                        <td><i class=\"fa fa-users\"><\/i><\/td>                                    \r\n                                        <td>Capacit\u00e9<\/td>\r\n                                        <td>9<\/td>\r\n                                    <\/tr>\r\n                                                                                                                                                                                                                <tr>\r\n                                        <td><i class=\"fa fa-bed\"><\/i><\/td>                                    \r\n                                        <td>Cabines<\/td>\r\n                                        <td>2<\/td>\r\n                                    <\/tr>\r\n                                                                                                    <\/table>\r\n            <\/div>\r\n        \r\n\t<div class=\"footer\">\r\n\t\t<div class=\"footer-buttons\">\r\n                            <a target=\"\" class=\"btn btn-default\" href=\"https:\/\/www.solarispowercharter.com\/fr\/barcos\/ibiza-alquiler-solaris-power-44\/\">\r\n                    D\u00e9tails                <\/a>\r\n                        <\/div>\r\n\t<\/div>\r\n<\/div><\/div><div id=\"property-22521\"  class=\"col-sm-4 m-item post-22521 rem_property type-rem_property status-publish has-post-thumbnail rem_property_tag-solaris-en-venta-fr rem_property_tag-solaris-en-venta-en-mallorca-fr rem_property_tag-solaris-en-venta-palma-2 rem_property_tag-solaris-en-vente rem_property_tag-solaris-en-vente-a-mallorque rem_property_tag-solaris-en-vente-a-palma rem_property_tag-solaris-for-sale-fr rem_property_tag-solaris-for-sale-mallorca-fr rem_property_tag-solaris-for-sale-palma-fr rem_property_tag-solaris-palma-fr rem_property_tag-solaris-zu-verkauf-mallorca-fr rem_property_tag-solaris-zu-verkauf-palma-fr rem_property_tag-solariscenterpalma-3\"><div class=\"landz-box-property box-grid propery-style-3\">\r\n    \t<a target=\"\" class=\"hover-effect image image-fill\" href=\"https:\/\/www.solarispowercharter.com\/fr\/barcos\/mallorca-solarispower-60-en-venta\/\">\r\n\t\t<span class=\"cover\"><\/span>\r\n\t\t<img loading=\"lazy\" decoding=\"async\" width=\"2560\" height=\"1280\" src=\"https:\/\/www.solarispowercharter.com\/wp-content\/uploads\/2022\/06\/60-Open-01.jpg\" class=\"img-responsive rem-f-image wp-post-image\" alt=\"60 Open 01\" data-pid=\"22521\" \/>\t\t<h3 class=\"title\">MALLORCA SolarisPower 60 VENDRE<\/h3>\r\n\t<\/a>\r\n\t<span class=\"price\">\r\n\t\t\t<\/span>\r\n\t<span class=\"address\"><i class=\"fa fa-map-marker-alt\"><\/i> El Toro, Santa Ponsa, Mallorca<\/span>\r\n\t<span class=\"description\">TOUT NEUF: SolarisPower 60 Open \u00e0 vendre \u00e0 Majorque. Le nouveau walkaround ouvert qui d\u00e9terminera les standards dans ce segment\u2026<\/span>\r\n\t\r\n\t            <div class=\"detail\">\r\n                <table class=\"table table-bordered\">\r\n                \r\n                                                                                                                                                <tr>\r\n                                        <td><i class=\"fa fa-ship\"><\/i><\/td>                                    \r\n                                        <td>Type de bateau<\/td>\r\n                                        <td>Motor<\/td>\r\n                                    <\/tr>\r\n                                                                                                                                                                                                                <tr>\r\n                                        <td><i class=\"fa fa-users\"><\/i><\/td>                                    \r\n                                        <td>Capacit\u00e9<\/td>\r\n                                        <td>12<\/td>\r\n                                    <\/tr>\r\n                                                                                                                                                                                                                <tr>\r\n                                        <td><i class=\"fa fa-bed\"><\/i><\/td>                                    \r\n                                        <td>Cabines<\/td>\r\n                                        <td>3<\/td>\r\n                                    <\/tr>\r\n                                                                                                    <\/table>\r\n            <\/div>\r\n        \r\n\t<div class=\"footer\">\r\n\t\t<div class=\"footer-buttons\">\r\n                            <a target=\"\" class=\"btn btn-default\" href=\"https:\/\/www.solarispowercharter.com\/fr\/barcos\/mallorca-solarispower-60-en-venta\/\">\r\n                    D\u00e9tails                <\/a>\r\n                        <\/div>\r\n\t<\/div>\r\n<\/div><\/div><div id=\"property-22471\"  class=\"col-sm-4 m-item post-22471 rem_property type-rem_property status-publish has-post-thumbnail rem_property_tag-solaris-en-venta-fr rem_property_tag-solaris-en-venta-en-mallorca-fr rem_property_tag-solaris-en-venta-palma-2 rem_property_tag-solaris-en-vente rem_property_tag-solaris-en-vente-a-mallorque rem_property_tag-solaris-en-vente-a-palma rem_property_tag-solaris-for-sale-fr rem_property_tag-solaris-for-sale-mallorca-fr rem_property_tag-solaris-for-sale-palma rem_property_tag-solaris-on-sale-in-mallorca-fr rem_property_tag-solaris-zu-verkauf-mallorca-fr rem_property_tag-solaris-zu-verkauf-palma-fr rem_property_tag-solariscenterpalma-3\"><div class=\"landz-box-property box-grid propery-style-3\">\r\n    \t<a target=\"\" class=\"hover-effect image image-fill\" href=\"https:\/\/www.solarispowercharter.com\/fr\/barcos\/solaris-power-48-en-location-a-monaco\/\">\r\n\t\t<span class=\"cover\"><\/span>\r\n\t\t<img loading=\"lazy\" decoding=\"async\" width=\"1536\" height=\"1024\" src=\"https:\/\/www.solarispowercharter.com\/wp-content\/uploads\/2022\/06\/Solaris48-Open-08.jpg\" class=\"img-responsive rem-f-image wp-post-image\" alt=\"Solaris48 Open 08\" data-pid=\"22471\" srcset=\"https:\/\/www.solarispowercharter.com\/wp-content\/uploads\/2022\/06\/Solaris48-Open-08.jpg 1536w, https:\/\/www.solarispowercharter.com\/wp-content\/uploads\/2022\/06\/Solaris48-Open-08-300x200.jpg 300w, https:\/\/www.solarispowercharter.com\/wp-content\/uploads\/2022\/06\/Solaris48-Open-08-1024x683.jpg 1024w, https:\/\/www.solarispowercharter.com\/wp-content\/uploads\/2022\/06\/Solaris48-Open-08-768x512.jpg 768w, https:\/\/www.solarispowercharter.com\/wp-content\/uploads\/2022\/06\/Solaris48-Open-08-900x600.jpg 900w\" sizes=\"auto, (max-width: 1536px) 100vw, 1536px\" \/>\t\t<h3 class=\"title\">Solaris Power 48 en location \u00e0 Monaco<\/h3>\r\n\t<\/a>\r\n\t<span class=\"price\">\r\n\t\t\t\t\tDesde <span class=\"rem-price-amount\">3.200<span class=\"rem-currency-symbol\">&euro;<\/span><\/span>\t\t\t<\/span>\r\n\t<span class=\"address\"><i class=\"fa fa-map-marker-alt\"><\/i> El Toro, Santa Ponsa, Mallorca<\/span>\r\n\t<span class=\"description\">Nouveau Solaris Power 48 en location \u00e0 Monaco. Disponible pour des Day Charters. Capacit\u00e9 de 11 personnes. Le prix inclut\u2026<\/span>\r\n\t\r\n\t            <div class=\"detail\">\r\n                <table class=\"table table-bordered\">\r\n                \r\n                                                                                                                                                <tr>\r\n                                        <td><i class=\"fa fa-ship\"><\/i><\/td>                                    \r\n                                        <td>Type de bateau<\/td>\r\n                                        <td>Motor<\/td>\r\n                                    <\/tr>\r\n                                                                                                                                                                                                                <tr>\r\n                                        <td><i class=\"fa fa-users\"><\/i><\/td>                                    \r\n                                        <td>Capacit\u00e9<\/td>\r\n                                        <td>12<\/td>\r\n                                    <\/tr>\r\n                                                                                                                                                                                                                <tr>\r\n                                        <td><i class=\"fa fa-bed\"><\/i><\/td>                                    \r\n                                        <td>Cabines<\/td>\r\n                                        <td>2<\/td>\r\n                                    <\/tr>\r\n                                                                                                    <\/table>\r\n            <\/div>\r\n        \r\n\t<div class=\"footer\">\r\n\t\t<div class=\"footer-buttons\">\r\n                            <a target=\"\" class=\"btn btn-default\" href=\"https:\/\/www.solarispowercharter.com\/fr\/barcos\/solaris-power-48-en-location-a-monaco\/\">\r\n                    D\u00e9tails                <\/a>\r\n                        <\/div>\r\n\t<\/div>\r\n<\/div><\/div><div id=\"property-22365\"  class=\"col-sm-4 m-item post-22365 rem_property type-rem_property status-publish has-post-thumbnail rem_property_tag-solaris-en-venta-fr rem_property_tag-solaris-en-venta-en-mallorca-fr rem_property_tag-solaris-en-venta-palma-2 rem_property_tag-solaris-en-vente rem_property_tag-solaris-en-vente-a-mallorque rem_property_tag-solaris-en-vente-a-palma rem_property_tag-solaris-for-sale-palma rem_property_tag-solaris-on-sale-in-mallorca-fr rem_property_tag-solaris-palma-fr rem_property_tag-solariscenterpalma-3\"><div class=\"landz-box-property box-grid propery-style-3\">\r\n    \t<a target=\"\" class=\"hover-effect image image-fill\" href=\"https:\/\/www.solarispowercharter.com\/fr\/barcos\/mallorca-solarispower-44-en-venta\/\">\r\n\t\t<span class=\"cover\"><\/span>\r\n\t\t<img loading=\"lazy\" decoding=\"async\" width=\"2560\" height=\"1280\" src=\"https:\/\/www.solarispowercharter.com\/wp-content\/uploads\/2022\/06\/Solaris44-Open-03.jpg\" class=\"img-responsive rem-f-image wp-post-image\" alt=\"Solaris44 Open 03\" data-pid=\"22365\" srcset=\"https:\/\/www.solarispowercharter.com\/wp-content\/uploads\/2022\/06\/Solaris44-Open-03.jpg 2560w, https:\/\/www.solarispowercharter.com\/wp-content\/uploads\/2022\/06\/Solaris44-Open-03-300x150.jpg 300w, https:\/\/www.solarispowercharter.com\/wp-content\/uploads\/2022\/06\/Solaris44-Open-03-1024x512.jpg 1024w, https:\/\/www.solarispowercharter.com\/wp-content\/uploads\/2022\/06\/Solaris44-Open-03-768x384.jpg 768w, https:\/\/www.solarispowercharter.com\/wp-content\/uploads\/2022\/06\/Solaris44-Open-03-1536x768.jpg 1536w, https:\/\/www.solarispowercharter.com\/wp-content\/uploads\/2022\/06\/Solaris44-Open-03-2048x1024.jpg 2048w, https:\/\/www.solarispowercharter.com\/wp-content\/uploads\/2022\/06\/Solaris44-Open-03-1000x500.jpg 1000w, https:\/\/www.solarispowercharter.com\/wp-content\/uploads\/2022\/06\/Solaris44-Open-03-670x335.jpg 670w\" sizes=\"auto, (max-width: 2560px) 100vw, 2560px\" \/>\t\t<h3 class=\"title\">MALLORCA SolarisPower 44 VENTE<\/h3>\r\n\t<\/a>\r\n\t<span class=\"price\">\r\n\t\t\t<\/span>\r\n\t<span class=\"address\"><i class=\"fa fa-map-marker-alt\"><\/i> El Toro, Santa Ponsa, Mallorca<\/span>\r\n\t<span class=\"description\">TOUT NEUF: SolarisPower 44 Open \u00e0 vendre \u00e0 Majorque. La qualit\u00e9 de solaris repose sur son design embl\u00e9matique, dot\u00e9 d&rsquo;une\u2026<\/span>\r\n\t\r\n\t            <div class=\"detail\">\r\n                <table class=\"table table-bordered\">\r\n                \r\n                                                                                                                                                <tr>\r\n                                        <td><i class=\"fa fa-ship\"><\/i><\/td>                                    \r\n                                        <td>Type de bateau<\/td>\r\n                                        <td>Motor<\/td>\r\n                                    <\/tr>\r\n                                                                                                                                                                                                                <tr>\r\n                                        <td><i class=\"fa fa-users\"><\/i><\/td>                                    \r\n                                        <td>Capacit\u00e9<\/td>\r\n                                        <td>12<\/td>\r\n                                    <\/tr>\r\n                                                                                                                                                                                                                <tr>\r\n                                        <td><i class=\"fa fa-bed\"><\/i><\/td>                                    \r\n                                        <td>Cabines<\/td>\r\n                                        <td>2<\/td>\r\n                                    <\/tr>\r\n                                                                                                    <\/table>\r\n            <\/div>\r\n        \r\n\t<div class=\"footer\">\r\n\t\t<div class=\"footer-buttons\">\r\n                            <a target=\"\" class=\"btn btn-default\" href=\"https:\/\/www.solarispowercharter.com\/fr\/barcos\/mallorca-solarispower-44-en-venta\/\">\r\n                    D\u00e9tails                <\/a>\r\n                        <\/div>\r\n\t<\/div>\r\n<\/div><\/div><div id=\"property-22306\"  class=\"col-sm-4 m-item post-22306 rem_property type-rem_property status-publish has-post-thumbnail rem_property_tag-solaris-en-venta-fr rem_property_tag-solaris-en-venta-en-mallorca-fr rem_property_tag-solaris-en-venta-palma-2 rem_property_tag-solaris-en-vente rem_property_tag-solaris-en-vente-a-mallorque rem_property_tag-solaris-en-vente-a-palma rem_property_tag-solaris-for-sale-fr rem_property_tag-solaris-for-sale-mallorca-fr rem_property_tag-solaris-for-sale-palma rem_property_tag-solaris-palma-fr rem_property_tag-solariscenterpalma-3\"><div class=\"landz-box-property box-grid propery-style-3\">\r\n    \t<a target=\"\" class=\"hover-effect image image-fill\" href=\"https:\/\/www.solarispowercharter.com\/fr\/barcos\/mallorca-solaris-power-40-en-venta\/\">\r\n\t\t<span class=\"cover\"><\/span>\r\n\t\t<img loading=\"lazy\" decoding=\"async\" width=\"1600\" height=\"900\" src=\"https:\/\/www.solarispowercharter.com\/wp-content\/uploads\/2022\/05\/Solaris-Power-40-Mallorca.jpeg\" class=\"img-responsive rem-f-image wp-post-image\" alt=\"Solaris Power 40 Mallorca\" data-pid=\"22306\" srcset=\"https:\/\/www.solarispowercharter.com\/wp-content\/uploads\/2022\/05\/Solaris-Power-40-Mallorca.jpeg 1600w, https:\/\/www.solarispowercharter.com\/wp-content\/uploads\/2022\/05\/Solaris-Power-40-Mallorca-300x169.jpeg 300w, https:\/\/www.solarispowercharter.com\/wp-content\/uploads\/2022\/05\/Solaris-Power-40-Mallorca-1024x576.jpeg 1024w, https:\/\/www.solarispowercharter.com\/wp-content\/uploads\/2022\/05\/Solaris-Power-40-Mallorca-768x432.jpeg 768w, https:\/\/www.solarispowercharter.com\/wp-content\/uploads\/2022\/05\/Solaris-Power-40-Mallorca-1536x864.jpeg 1536w\" sizes=\"auto, (max-width: 1600px) 100vw, 1600px\" \/>\t\t<h3 class=\"title\">MALLORCA SolarisPower 40 VENDRE<\/h3>\r\n\t<\/a>\r\n\t<span class=\"price\">\r\n\t\t\t<\/span>\r\n\t<span class=\"address\"><i class=\"fa fa-map-marker-alt\"><\/i> El Toro, Santa Ponsa, Mallorca<\/span>\r\n\t<span class=\"description\">A VENDRE &#8211; NOUVEAU SOLARIS POWER 40 OPEN. Red\u00e9finit les nouveaux standards de la cat\u00e9gorie, avec un am\u00e9nagement et des\u2026<\/span>\r\n\t\r\n\t            <div class=\"detail\">\r\n                <table class=\"table table-bordered\">\r\n                \r\n                                                                                                                                                <tr>\r\n                                        <td><i class=\"fa fa-ship\"><\/i><\/td>                                    \r\n                                        <td>Type de bateau<\/td>\r\n                                        <td>Motor<\/td>\r\n                                    <\/tr>\r\n                                                                                                                                                                                                                <tr>\r\n                                        <td><i class=\"fa fa-users\"><\/i><\/td>                                    \r\n                                        <td>Capacit\u00e9<\/td>\r\n                                        <td>12<\/td>\r\n                                    <\/tr>\r\n                                                                                                                                                                                                                <tr>\r\n                                        <td><i class=\"fa fa-bed\"><\/i><\/td>                                    \r\n                                        <td>Cabines<\/td>\r\n                                        <td>2<\/td>\r\n                                    <\/tr>\r\n                                                                                                    <\/table>\r\n            <\/div>\r\n        \r\n\t<div class=\"footer\">\r\n\t\t<div class=\"footer-buttons\">\r\n                            <a target=\"\" class=\"btn btn-default\" href=\"https:\/\/www.solarispowercharter.com\/fr\/barcos\/mallorca-solaris-power-40-en-venta\/\">\r\n                    D\u00e9tails                <\/a>\r\n                        <\/div>\r\n\t<\/div>\r\n<\/div><\/div><div id=\"property-21506\"  class=\"col-sm-4 m-item post-21506 rem_property type-rem_property status-publish has-post-thumbnail\"><div class=\"landz-box-property box-grid propery-style-3\">\r\n    \t<a target=\"\" class=\"hover-effect image image-fill\" href=\"https:\/\/www.solarispowercharter.com\/fr\/barcos\/solaris-power-48-open-en-alquiler-en-la-costa-azul\/\">\r\n\t\t<span class=\"cover\"><\/span>\r\n\t\t<img loading=\"lazy\" decoding=\"async\" width=\"1999\" height=\"1291\" src=\"https:\/\/www.solarispowercharter.com\/wp-content\/uploads\/2022\/04\/SERENDIPITY-NB_page10_image2.jpg\" class=\"img-responsive rem-f-image wp-post-image\" alt=\"SERENDIPITY NB page10 image2\" data-pid=\"21506\" srcset=\"https:\/\/www.solarispowercharter.com\/wp-content\/uploads\/2022\/04\/SERENDIPITY-NB_page10_image2.jpg 1999w, https:\/\/www.solarispowercharter.com\/wp-content\/uploads\/2022\/04\/SERENDIPITY-NB_page10_image2-300x194.jpg 300w, https:\/\/www.solarispowercharter.com\/wp-content\/uploads\/2022\/04\/SERENDIPITY-NB_page10_image2-1024x661.jpg 1024w, https:\/\/www.solarispowercharter.com\/wp-content\/uploads\/2022\/04\/SERENDIPITY-NB_page10_image2-768x496.jpg 768w, https:\/\/www.solarispowercharter.com\/wp-content\/uploads\/2022\/04\/SERENDIPITY-NB_page10_image2-1536x992.jpg 1536w\" sizes=\"auto, (max-width: 1999px) 100vw, 1999px\" \/>\t\t<h3 class=\"title\">ANTIBES. LOCATION SolarisPower 48<\/h3>\r\n\t<\/a>\r\n\t<span class=\"price\">\r\n\t\t\t\t\tDesde <span class=\"rem-price-amount\">3.700<span class=\"rem-currency-symbol\">&euro;<\/span><\/span>\t\t\t<\/span>\r\n\t<span class=\"address\"><i class=\"fa fa-map-marker-alt\"><\/i> Antibes<\/span>\r\n\t<span class=\"description\">Ce magnifique bateau de location SOLARIS POWER 48 Open est disponible \u00e0 Antibes. Il est parfait pour passer quelques jours\u2026<\/span>\r\n\t\r\n\t            <div class=\"detail\">\r\n                <table class=\"table table-bordered\">\r\n                \r\n                                                                                                                                                <tr>\r\n                                        <td><i class=\"fa fa-ship\"><\/i><\/td>                                    \r\n                                        <td>Type de bateau<\/td>\r\n                                        <td>Motor<\/td>\r\n                                    <\/tr>\r\n                                                                                                                                                                                                                <tr>\r\n                                        <td><i class=\"fa fa-users\"><\/i><\/td>                                    \r\n                                        <td>Capacit\u00e9<\/td>\r\n                                        <td>11<\/td>\r\n                                    <\/tr>\r\n                                                                                                                                                                                                                <tr>\r\n                                        <td><i class=\"fa fa-bed\"><\/i><\/td>                                    \r\n                                        <td>Cabines<\/td>\r\n                                        <td>2<\/td>\r\n                                    <\/tr>\r\n                                                                                                    <\/table>\r\n            <\/div>\r\n        \r\n\t<div class=\"footer\">\r\n\t\t<div class=\"footer-buttons\">\r\n                            <a target=\"\" class=\"btn btn-default\" href=\"https:\/\/www.solarispowercharter.com\/fr\/barcos\/solaris-power-48-open-en-alquiler-en-la-costa-azul\/\">\r\n                    D\u00e9tails                <\/a>\r\n                        <\/div>\r\n\t<\/div>\r\n<\/div><\/div><div id=\"property-21439\"  class=\"col-sm-4 m-item post-21439 rem_property type-rem_property status-publish has-post-thumbnail\"><div class=\"landz-box-property box-grid propery-style-3\">\r\n    \t<a target=\"\" class=\"hover-effect image image-fill\" href=\"https:\/\/www.solarispowercharter.com\/fr\/barcos\/solaris-power-lobster-48-en-alquiler-en-villefranche-sur-mer\/\">\r\n\t\t<span class=\"cover\"><\/span>\r\n\t\t<img loading=\"lazy\" decoding=\"async\" width=\"1784\" height=\"959\" src=\"https:\/\/www.solarispowercharter.com\/wp-content\/uploads\/2022\/04\/SOLARIS-LOBSTER-location-Villefrance-sur-mer.jpg\" class=\"img-responsive rem-f-image wp-post-image\" alt=\"SOLARIS LOBSTER location Villefrance sur mer\" data-pid=\"21439\" srcset=\"https:\/\/www.solarispowercharter.com\/wp-content\/uploads\/2022\/04\/SOLARIS-LOBSTER-location-Villefrance-sur-mer.jpg 1784w, https:\/\/www.solarispowercharter.com\/wp-content\/uploads\/2022\/04\/SOLARIS-LOBSTER-location-Villefrance-sur-mer-300x161.jpg 300w, https:\/\/www.solarispowercharter.com\/wp-content\/uploads\/2022\/04\/SOLARIS-LOBSTER-location-Villefrance-sur-mer-1024x550.jpg 1024w, https:\/\/www.solarispowercharter.com\/wp-content\/uploads\/2022\/04\/SOLARIS-LOBSTER-location-Villefrance-sur-mer-768x413.jpg 768w, https:\/\/www.solarispowercharter.com\/wp-content\/uploads\/2022\/04\/SOLARIS-LOBSTER-location-Villefrance-sur-mer-1536x826.jpg 1536w\" sizes=\"auto, (max-width: 1784px) 100vw, 1784px\" \/>\t\t<h3 class=\"title\">VILLEFRANCHE sm. LOCATION SolarisPower 48 Lobster a Villefranche sur Mer<\/h3>\r\n\t<\/a>\r\n\t<span class=\"price\">\r\n\t\t\t\t\tDesde <span class=\"rem-price-amount\">3.500<span class=\"rem-currency-symbol\">&euro;<\/span><\/span>\t\t\t<\/span>\r\n\t<span class=\"address\"><i class=\"fa fa-map-marker-alt\"><\/i> Villefranche sur Mer<\/span>\r\n\t<span class=\"description\">Ce magnifique bateau de location SOLARIS POWER 48 LOBSTER est disponible \u00e0 Villefranche sur Mer juste \u00e0 c\u00f4t\u00e9 de Monaco.\u2026<\/span>\r\n\t\r\n\t            <div class=\"detail\">\r\n                <table class=\"table table-bordered\">\r\n                \r\n                                                                                                                                                <tr>\r\n                                        <td><i class=\"fa fa-ship\"><\/i><\/td>                                    \r\n                                        <td>Type de bateau<\/td>\r\n                                        <td>Motor<\/td>\r\n                                    <\/tr>\r\n                                                                                                                                                                                                                <tr>\r\n                                        <td><i class=\"fa fa-users\"><\/i><\/td>                                    \r\n                                        <td>Capacit\u00e9<\/td>\r\n                                        <td>11<\/td>\r\n                                    <\/tr>\r\n                                                                                                                                                                                                                <tr>\r\n                                        <td><i class=\"fa fa-bed\"><\/i><\/td>                                    \r\n                                        <td>Cabines<\/td>\r\n                                        <td>2<\/td>\r\n                                    <\/tr>\r\n                                                                                                    <\/table>\r\n            <\/div>\r\n        \r\n\t<div class=\"footer\">\r\n\t\t<div class=\"footer-buttons\">\r\n                            <a target=\"\" class=\"btn btn-default\" href=\"https:\/\/www.solarispowercharter.com\/fr\/barcos\/solaris-power-lobster-48-en-alquiler-en-villefranche-sur-mer\/\">\r\n                    D\u00e9tails                <\/a>\r\n                        <\/div>\r\n\t<\/div>\r\n<\/div><\/div><div id=\"property-20784\"  class=\"col-sm-4 m-item post-20784 rem_property type-rem_property status-publish has-post-thumbnail\"><div class=\"landz-box-property box-grid propery-style-3\">\r\n    \t<a target=\"\" class=\"hover-effect image image-fill\" href=\"https:\/\/www.solarispowercharter.com\/fr\/barcos\/alquiler-solaris-power-en-saint-barthelemy\/\">\r\n\t\t<span class=\"cover\"><\/span>\r\n\t\t<img loading=\"lazy\" decoding=\"async\" width=\"1776\" height=\"1184\" src=\"https:\/\/www.solarispowercharter.com\/wp-content\/uploads\/2022\/04\/Bateau-de-location-a-St-Barth-Solaris-Power.jpg\" class=\"img-responsive rem-f-image wp-post-image\" alt=\"Bateau de location a St Barth Solaris Power\" data-pid=\"20784\" srcset=\"https:\/\/www.solarispowercharter.com\/wp-content\/uploads\/2022\/04\/Bateau-de-location-a-St-Barth-Solaris-Power.jpg 1776w, https:\/\/www.solarispowercharter.com\/wp-content\/uploads\/2022\/04\/Bateau-de-location-a-St-Barth-Solaris-Power-300x200.jpg 300w, https:\/\/www.solarispowercharter.com\/wp-content\/uploads\/2022\/04\/Bateau-de-location-a-St-Barth-Solaris-Power-1024x683.jpg 1024w, https:\/\/www.solarispowercharter.com\/wp-content\/uploads\/2022\/04\/Bateau-de-location-a-St-Barth-Solaris-Power-768x512.jpg 768w, https:\/\/www.solarispowercharter.com\/wp-content\/uploads\/2022\/04\/Bateau-de-location-a-St-Barth-Solaris-Power-1536x1024.jpg 1536w, https:\/\/www.solarispowercharter.com\/wp-content\/uploads\/2022\/04\/Bateau-de-location-a-St-Barth-Solaris-Power-900x600.jpg 900w\" sizes=\"auto, (max-width: 1776px) 100vw, 1776px\" \/>\t\t<h3 class=\"title\">St BARTHS. LOCATION SolarisPower 48<\/h3>\r\n\t<\/a>\r\n\t<span class=\"price\">\r\n\t\t\t\t\tDesde <span class=\"rem-price-amount\">1.300<span class=\"rem-currency-symbol\">&euro;<\/span><\/span>\t\t\t<\/span>\r\n\t<span class=\"address\"><i class=\"fa fa-map-marker-alt\"><\/i> Saint Barthelemy<\/span>\r\n\t<span class=\"description\">Bateau de location \u00e1 Saint Barthelemy. Une tr\u00e9s bonne option, utilis\u00e9 par les Stars de Hollywood,\u00a0 est le\u00a0 service de\u2026<\/span>\r\n\t\r\n\t            <div class=\"detail\">\r\n                <table class=\"table table-bordered\">\r\n                \r\n                                                                                                                                                <tr>\r\n                                        <td><i class=\"fa fa-ship\"><\/i><\/td>                                    \r\n                                        <td>Type de bateau<\/td>\r\n                                        <td>Motor<\/td>\r\n                                    <\/tr>\r\n                                                                                                                                                                                                                <tr>\r\n                                        <td><i class=\"fa fa-users\"><\/i><\/td>                                    \r\n                                        <td>Capacit\u00e9<\/td>\r\n                                        <td>12<\/td>\r\n                                    <\/tr>\r\n                                                                                                                                                                                                                <tr>\r\n                                        <td><i class=\"fa fa-bed\"><\/i><\/td>                                    \r\n                                        <td>Cabines<\/td>\r\n                                        <td>2<\/td>\r\n                                    <\/tr>\r\n                                                                                                    <\/table>\r\n            <\/div>\r\n        \r\n\t<div class=\"footer\">\r\n\t\t<div class=\"footer-buttons\">\r\n                            <a target=\"\" class=\"btn btn-default\" href=\"https:\/\/www.solarispowercharter.com\/fr\/barcos\/alquiler-solaris-power-en-saint-barthelemy\/\">\r\n                    D\u00e9tails                <\/a>\r\n                        <\/div>\r\n\t<\/div>\r\n<\/div><\/div><div id=\"property-18922\"  class=\"col-sm-4 m-item post-18922 rem_property type-rem_property status-publish has-post-thumbnail\"><div class=\"landz-box-property box-grid propery-style-3\">\r\n    \t<a target=\"\" class=\"hover-effect image image-fill\" href=\"https:\/\/www.solarispowercharter.com\/fr\/barcos\/solaris-power-open-44-barco-nuevo-en-alquiler-en-mallorca\/\">\r\n\t\t<span class=\"cover\"><\/span>\r\n\t\t<img loading=\"lazy\" decoding=\"async\" width=\"1080\" height=\"1080\" src=\"https:\/\/www.solarispowercharter.com\/wp-content\/uploads\/2022\/03\/246173364_1335558726863418_6413806050542923889_n.jpg\" class=\"img-responsive rem-f-image wp-post-image\" alt=\"246173364 1335558726863418 6413806050542923889 n\" data-pid=\"18922\" srcset=\"https:\/\/www.solarispowercharter.com\/wp-content\/uploads\/2022\/03\/246173364_1335558726863418_6413806050542923889_n.jpg 1080w, https:\/\/www.solarispowercharter.com\/wp-content\/uploads\/2022\/03\/246173364_1335558726863418_6413806050542923889_n-300x300.jpg 300w, https:\/\/www.solarispowercharter.com\/wp-content\/uploads\/2022\/03\/246173364_1335558726863418_6413806050542923889_n-1024x1024.jpg 1024w, https:\/\/www.solarispowercharter.com\/wp-content\/uploads\/2022\/03\/246173364_1335558726863418_6413806050542923889_n-150x150.jpg 150w, https:\/\/www.solarispowercharter.com\/wp-content\/uploads\/2022\/03\/246173364_1335558726863418_6413806050542923889_n-768x768.jpg 768w, https:\/\/www.solarispowercharter.com\/wp-content\/uploads\/2022\/03\/246173364_1335558726863418_6413806050542923889_n-100x100.jpg 100w, https:\/\/www.solarispowercharter.com\/wp-content\/uploads\/2022\/03\/246173364_1335558726863418_6413806050542923889_n-140x140.jpg 140w, https:\/\/www.solarispowercharter.com\/wp-content\/uploads\/2022\/03\/246173364_1335558726863418_6413806050542923889_n-500x500.jpg 500w, https:\/\/www.solarispowercharter.com\/wp-content\/uploads\/2022\/03\/246173364_1335558726863418_6413806050542923889_n-350x350.jpg 350w, https:\/\/www.solarispowercharter.com\/wp-content\/uploads\/2022\/03\/246173364_1335558726863418_6413806050542923889_n-1000x1000.jpg 1000w, https:\/\/www.solarispowercharter.com\/wp-content\/uploads\/2022\/03\/246173364_1335558726863418_6413806050542923889_n-800x800.jpg 800w\" sizes=\"auto, (max-width: 1080px) 100vw, 1080px\" \/>\t\t<h3 class=\"title\">PALMA. LOCATION SolarisPower 44<\/h3>\r\n\t<\/a>\r\n\t<span class=\"price\">\r\n\t\t\t\t\tDesde  <span class=\"rem-price-amount\">2.350<span class=\"rem-currency-symbol\">&euro;<\/span><\/span>\t\t\t<\/span>\r\n\t<span class=\"address\"><i class=\"fa fa-map-marker-alt\"><\/i> Mallorca<\/span>\r\n\t<span class=\"description\">NOUVEAUT\u00c9 2022 ! Solaris Power 44 en location \u00e0 Majorque, le plus r\u00e9cent et le plus beau bateau \u00e0 louer\u2026<\/span>\r\n\t\r\n\t            <div class=\"detail\">\r\n                <table class=\"table table-bordered\">\r\n                \r\n                                                                                                                                                <tr>\r\n                                        <td><i class=\"fa fa-ship\"><\/i><\/td>                                    \r\n                                        <td>Type de bateau<\/td>\r\n                                        <td>Motor<\/td>\r\n                                    <\/tr>\r\n                                                                                                                                                                                                                <tr>\r\n                                        <td><i class=\"fa fa-users\"><\/i><\/td>                                    \r\n                                        <td>Capacit\u00e9<\/td>\r\n                                        <td>9<\/td>\r\n                                    <\/tr>\r\n                                                                                                                                                                                                                <tr>\r\n                                        <td><i class=\"fa fa-bed\"><\/i><\/td>                                    \r\n                                        <td>Cabines<\/td>\r\n                                        <td>2<\/td>\r\n                                    <\/tr>\r\n                                                                                                    <\/table>\r\n            <\/div>\r\n        \r\n\t<div class=\"footer\">\r\n\t\t<div class=\"footer-buttons\">\r\n                            <a target=\"\" class=\"btn btn-default\" href=\"https:\/\/www.solarispowercharter.com\/fr\/barcos\/solaris-power-open-44-barco-nuevo-en-alquiler-en-mallorca\/\">\r\n                    D\u00e9tails                <\/a>\r\n                        <\/div>\r\n\t<\/div>\r\n<\/div><\/div><div id=\"property-18175\"  class=\"col-sm-4 m-item post-18175 rem_property type-rem_property status-publish has-post-thumbnail\"><div class=\"landz-box-property box-grid propery-style-3\">\r\n    \t<a target=\"\" class=\"hover-effect image image-fill\" href=\"https:\/\/www.solarispowercharter.com\/fr\/barcos\/solaris-power-48-open\/\">\r\n\t\t<span class=\"cover\"><\/span>\r\n\t\t<img loading=\"lazy\" decoding=\"async\" width=\"800\" height=\"600\" src=\"https:\/\/www.solarispowercharter.com\/wp-content\/uploads\/2019\/12\/Solaris-Power-navegando-en-Mallorca.jpg\" class=\"img-responsive rem-f-image wp-post-image\" alt=\"Solaris Power navegando en Mallorca\" data-pid=\"18175\" srcset=\"https:\/\/www.solarispowercharter.com\/wp-content\/uploads\/2019\/12\/Solaris-Power-navegando-en-Mallorca.jpg 800w, https:\/\/www.solarispowercharter.com\/wp-content\/uploads\/2019\/12\/Solaris-Power-navegando-en-Mallorca-300x225.jpg 300w, https:\/\/www.solarispowercharter.com\/wp-content\/uploads\/2019\/12\/Solaris-Power-navegando-en-Mallorca-768x576.jpg 768w\" sizes=\"auto, (max-width: 800px) 100vw, 800px\" \/>\t\t<h3 class=\"title\">PALMA. LOCATION Solaris Power 48<\/h3>\r\n\t<\/a>\r\n\t<span class=\"price\">\r\n\t\t\t\t\tDesde <span class=\"rem-price-amount\">2.100<span class=\"rem-currency-symbol\">&euro;<\/span><\/span>\t\t\t<\/span>\r\n\t<span class=\"address\"><i class=\"fa fa-map-marker-alt\"><\/i> Mallorca<\/span>\r\n\t<span class=\"description\">Bateau de location \u00e0 Mallorque. Le bateau \u00e0 la mode est le Solaris Power Open 48 et il est disponible\u2026<\/span>\r\n\t\r\n\t            <div class=\"detail\">\r\n                <table class=\"table table-bordered\">\r\n                \r\n                                                                                                                                                <tr>\r\n                                        <td><i class=\"fa fa-ship\"><\/i><\/td>                                    \r\n                                        <td>Type de bateau<\/td>\r\n                                        <td>Motor<\/td>\r\n                                    <\/tr>\r\n                                                                                                                                                                                                                <tr>\r\n                                        <td><i class=\"fa fa-users\"><\/i><\/td>                                    \r\n                                        <td>Capacit\u00e9<\/td>\r\n                                        <td>10<\/td>\r\n                                    <\/tr>\r\n                                                                                                                                                                                                                <tr>\r\n                                        <td><i class=\"fa fa-bed\"><\/i><\/td>                                    \r\n                                        <td>Cabines<\/td>\r\n                                        <td>2<\/td>\r\n                                    <\/tr>\r\n                                                                                                    <\/table>\r\n            <\/div>\r\n        \r\n\t<div class=\"footer\">\r\n\t\t<div class=\"footer-buttons\">\r\n                            <a target=\"\" class=\"btn btn-default\" href=\"https:\/\/www.solarispowercharter.com\/fr\/barcos\/solaris-power-48-open\/\">\r\n                    D\u00e9tails                <\/a>\r\n                        <\/div>\r\n\t<\/div>\r\n<\/div><\/div><\/div><div class=\"text-center\"><\/div><\/div>[\/vc_column_text][\/vc_column][\/vc_row][vc_row type=\u00a0\u00bbfull_width_background\u00a0\u00bb full_screen_row_position=\u00a0\u00bbmiddle\u00a0\u00bb bg_image=\u00a0\u00bb6467&Prime; bg_position=\u00a0\u00bbleft top\u00a0\u00bb bg_repeat=\u00a0\u00bbrepeat\u00a0\u00bb scene_position=\u00a0\u00bbcenter\u00a0\u00bb text_color=\u00a0\u00bbdark\u00a0\u00bb text_align=\u00a0\u00bbcenter\u00a0\u00bb top_padding=\u00a0\u00bb2%\u00a0\u00bb bottom_padding=\u00a0\u00bb2%\u00a0\u00bb id=\u00a0\u00bbrooms\u00a0\u00bb disable_element=\u00a0\u00bbyes\u00a0\u00bb color_overlay=\u00a0\u00bbrgba(0,0,0,0.08)\u00a0\u00bb overlay_strength=\u00a0\u00bb0.3&Prime; shape_divider_position=\u00a0\u00bbtop\u00a0\u00bb shape_divider_bring_to_front=\u00a0\u00bbtrue\u00a0\u00bb bg_image_animation=\u00a0\u00bbnone\u00a0\u00bb shape_type=\u00a0\u00bbwaves_opacity\u00a0\u00bb][vc_column column_padding=\u00a0\u00bbno-extra-padding\u00a0\u00bb column_padding_position=\u00a0\u00bball\u00a0\u00bb background_color_opacity=\u00a0\u00bb1&Prime; background_hover_color_opacity=\u00a0\u00bb1&Prime; column_link_target=\u00a0\u00bb_self\u00a0\u00bb column_shadow=\u00a0\u00bbnone\u00a0\u00bb column_border_radius=\u00a0\u00bbnone\u00a0\u00bb width=\u00a0\u00bb1\/1&Prime; tablet_width_inherit=\u00a0\u00bbdefault\u00a0\u00bb tablet_text_alignment=\u00a0\u00bbdefault\u00a0\u00bb phone_text_alignment=\u00a0\u00bbdefault\u00a0\u00bb column_border_width=\u00a0\u00bbnone\u00a0\u00bb column_border_style=\u00a0\u00bbsolid\u00a0\u00bb bg_image_animation=\u00a0\u00bbnone\u00a0\u00bb][vc_column_text]\n<h1 class=\"block-title\" style=\"text-align: center;\">Choisissez votre destination<\/h1>\n<h3 style=\"text-align: center;\">Trouvez la destination id\u00e9ale pour vos vacances<\/h3>\n[\/vc_column_text][\/vc_column][\/vc_row][vc_row type=\u00a0\u00bbin_container\u00a0\u00bb full_screen_row_position=\u00a0\u00bbmiddle\u00a0\u00bb equal_height=\u00a0\u00bbyes\u00a0\u00bb content_placement=\u00a0\u00bbmiddle\u00a0\u00bb scene_position=\u00a0\u00bbcenter\u00a0\u00bb text_color=\u00a0\u00bblight\u00a0\u00bb text_align=\u00a0\u00bbleft\u00a0\u00bb top_padding=\u00a0\u00bb2%\u00a0\u00bb disable_element=\u00a0\u00bbyes\u00a0\u00bb overlay_strength=\u00a0\u00bb0.3&Prime; shape_divider_position=\u00a0\u00bbbottom\u00a0\u00bb bg_image_animation=\u00a0\u00bbnone\u00a0\u00bb shape_type=\u00a0\u00bb\u00a0\u00bb][vc_column centered_text=\u00a0\u00bbtrue\u00a0\u00bb column_padding=\u00a0\u00bbpadding-1-percent\u00a0\u00bb column_padding_position=\u00a0\u00bball\u00a0\u00bb background_color=\u00a0\u00bb#000000&Prime; background_color_opacity=\u00a0\u00bb0.3&Prime; background_color_hover=\u00a0\u00bb#73c9d9&Prime; background_hover_color_opacity=\u00a0\u00bb0.8&Prime; background_image=\u00a0\u00bb6493&Prime; enable_bg_scale=\u00a0\u00bbtrue\u00a0\u00bb column_link_target=\u00a0\u00bb_self\u00a0\u00bb column_shadow=\u00a0\u00bbnone\u00a0\u00bb column_border_radius=\u00a0\u00bbnone\u00a0\u00bb width=\u00a0\u00bb1\/4&Prime; tablet_width_inherit=\u00a0\u00bbdefault\u00a0\u00bb tablet_text_alignment=\u00a0\u00bbdefault\u00a0\u00bb phone_text_alignment=\u00a0\u00bbdefault\u00a0\u00bb column_border_width=\u00a0\u00bbnone\u00a0\u00bb column_border_style=\u00a0\u00bbsolid\u00a0\u00bb bg_image_animation=\u00a0\u00bbnone\u00a0\u00bb enable_animation=\u00a0\u00bbtrue\u00a0\u00bb animation=\u00a0\u00bbfade-in\u00a0\u00bb delay=\u00a0\u00bb200&Prime; column_link=\u00a0\u00bbhttps:\/\/www.solarispowercharter.com\/fr\/all222\/\u00a0\u00bb]<div class=\"divider-wrap\" data-alignment=\"default\"><div style=\"height: 100px;\" class=\"divider\"><\/div><\/div>[vc_custom_heading text=\u00a0\u00bbMALLORCA\u00a0\u00bb font_container=\u00a0\u00bbtag:h3|text_align:center\u00a0\u00bb use_theme_fonts=\u00a0\u00bbyes\u00a0\u00bb]<div class=\"divider-wrap\" data-alignment=\"default\"><div style=\"height: 100px;\" class=\"divider\"><\/div><\/div>[\/vc_column][vc_column centered_text=\u00a0\u00bbtrue\u00a0\u00bb column_padding=\u00a0\u00bbpadding-1-percent\u00a0\u00bb column_padding_position=\u00a0\u00bball\u00a0\u00bb background_color=\u00a0\u00bb#000000&Prime; background_color_opacity=\u00a0\u00bb0.3&Prime; background_color_hover=\u00a0\u00bb#73c9d9&Prime; background_hover_color_opacity=\u00a0\u00bb0.8&Prime; background_image=\u00a0\u00bb6499&Prime; column_link_target=\u00a0\u00bb_self\u00a0\u00bb column_shadow=\u00a0\u00bbnone\u00a0\u00bb column_border_radius=\u00a0\u00bbnone\u00a0\u00bb width=\u00a0\u00bb1\/4&Prime; tablet_width_inherit=\u00a0\u00bbdefault\u00a0\u00bb tablet_text_alignment=\u00a0\u00bbdefault\u00a0\u00bb phone_text_alignment=\u00a0\u00bbdefault\u00a0\u00bb column_border_width=\u00a0\u00bbnone\u00a0\u00bb column_border_style=\u00a0\u00bbsolid\u00a0\u00bb bg_image_animation=\u00a0\u00bbnone\u00a0\u00bb enable_animation=\u00a0\u00bbtrue\u00a0\u00bb animation=\u00a0\u00bbfade-in\u00a0\u00bb delay=\u00a0\u00bb200&Prime; column_link=\u00a0\u00bbhttps:\/\/www.solarispowercharter.com\/fr\/location-bateaux-menorca\/\u00a0\u00bb]<div class=\"divider-wrap\" data-alignment=\"default\"><div style=\"height: 100px;\" class=\"divider\"><\/div><\/div>[vc_custom_heading text=\u00a0\u00bbMENORCA\u00a0\u00bb font_container=\u00a0\u00bbtag:h3|text_align:center\u00a0\u00bb use_theme_fonts=\u00a0\u00bbyes\u00a0\u00bb]<div class=\"divider-wrap\" data-alignment=\"default\"><div style=\"height: 100px;\" class=\"divider\"><\/div><\/div>[\/vc_column][vc_column centered_text=\u00a0\u00bbtrue\u00a0\u00bb column_padding=\u00a0\u00bbpadding-1-percent\u00a0\u00bb column_padding_position=\u00a0\u00bball\u00a0\u00bb background_color=\u00a0\u00bb#000000&Prime; background_color_opacity=\u00a0\u00bb0.3&Prime; background_color_hover=\u00a0\u00bb#73c9d9&Prime; background_hover_color_opacity=\u00a0\u00bb0.8&Prime; background_image=\u00a0\u00bb6496&Prime; enable_bg_scale=\u00a0\u00bbtrue\u00a0\u00bb column_link_target=\u00a0\u00bb_self\u00a0\u00bb column_shadow=\u00a0\u00bbnone\u00a0\u00bb column_border_radius=\u00a0\u00bbnone\u00a0\u00bb width=\u00a0\u00bb1\/4&Prime; tablet_width_inherit=\u00a0\u00bbdefault\u00a0\u00bb tablet_text_alignment=\u00a0\u00bbdefault\u00a0\u00bb phone_text_alignment=\u00a0\u00bbdefault\u00a0\u00bb column_border_width=\u00a0\u00bbnone\u00a0\u00bb column_border_style=\u00a0\u00bbsolid\u00a0\u00bb bg_image_animation=\u00a0\u00bbnone\u00a0\u00bb enable_animation=\u00a0\u00bbtrue\u00a0\u00bb animation=\u00a0\u00bbfade-in\u00a0\u00bb delay=\u00a0\u00bb200&Prime; column_link=\u00a0\u00bbhttps:\/\/www.solarispowercharter.com\/fr\/location-bateaux-ibiza\/\u00a0\u00bb]<div class=\"divider-wrap\" data-alignment=\"default\"><div style=\"height: 100px;\" class=\"divider\"><\/div><\/div>[vc_custom_heading text=\u00a0\u00bbIBIZA\u00a0\u00bb font_container=\u00a0\u00bbtag:h3|text_align:center\u00a0\u00bb use_theme_fonts=\u00a0\u00bbyes\u00a0\u00bb]<div class=\"divider-wrap\" data-alignment=\"default\"><div style=\"height: 100px;\" class=\"divider\"><\/div><\/div>[\/vc_column][vc_column centered_text=\u00a0\u00bbtrue\u00a0\u00bb column_padding=\u00a0\u00bbpadding-1-percent\u00a0\u00bb column_padding_position=\u00a0\u00bball\u00a0\u00bb background_color=\u00a0\u00bb#000000&Prime; background_color_opacity=\u00a0\u00bb0.3&Prime; background_color_hover=\u00a0\u00bb#73c9d9&Prime; background_hover_color_opacity=\u00a0\u00bb0.8&Prime; background_image=\u00a0\u00bb6502&Prime; enable_bg_scale=\u00a0\u00bbtrue\u00a0\u00bb column_link_target=\u00a0\u00bb_self\u00a0\u00bb column_shadow=\u00a0\u00bbnone\u00a0\u00bb column_border_radius=\u00a0\u00bbnone\u00a0\u00bb width=\u00a0\u00bb1\/4&Prime; tablet_width_inherit=\u00a0\u00bbdefault\u00a0\u00bb tablet_text_alignment=\u00a0\u00bbdefault\u00a0\u00bb phone_text_alignment=\u00a0\u00bbdefault\u00a0\u00bb column_border_width=\u00a0\u00bbnone\u00a0\u00bb column_border_style=\u00a0\u00bbsolid\u00a0\u00bb bg_image_animation=\u00a0\u00bbnone\u00a0\u00bb enable_animation=\u00a0\u00bbtrue\u00a0\u00bb animation=\u00a0\u00bbfade-in\u00a0\u00bb delay=\u00a0\u00bb200&Prime; column_link=\u00a0\u00bbhttps:\/\/www.solarispowercharter.com\/fr\/location-bateaux-barcelona-costa-brava\u00a0\u00bb]<div class=\"divider-wrap\" data-alignment=\"default\"><div style=\"height: 100px;\" class=\"divider\"><\/div><\/div>[vc_custom_heading text=\u00a0\u00bbBARCELONA ET COSTA BRAVA\u00a0\u00bb font_container=\u00a0\u00bbtag:h3|text_align:center\u00a0\u00bb use_theme_fonts=\u00a0\u00bbyes\u00a0\u00bb]<div class=\"divider-wrap\" data-alignment=\"default\"><div style=\"height: 100px;\" class=\"divider\"><\/div><\/div>[\/vc_column][\/vc_row][vc_row type=\u00a0\u00bbin_container\u00a0\u00bb full_screen_row_position=\u00a0\u00bbmiddle\u00a0\u00bb equal_height=\u00a0\u00bbyes\u00a0\u00bb content_placement=\u00a0\u00bbmiddle\u00a0\u00bb scene_position=\u00a0\u00bbcenter\u00a0\u00bb text_color=\u00a0\u00bblight\u00a0\u00bb text_align=\u00a0\u00bbleft\u00a0\u00bb top_padding=\u00a0\u00bb2%\u00a0\u00bb disable_element=\u00a0\u00bbyes\u00a0\u00bb overlay_strength=\u00a0\u00bb0.3&Prime; shape_divider_position=\u00a0\u00bbbottom\u00a0\u00bb bg_image_animation=\u00a0\u00bbnone\u00a0\u00bb shape_type=\u00a0\u00bb\u00a0\u00bb][vc_column centered_text=\u00a0\u00bbtrue\u00a0\u00bb column_padding=\u00a0\u00bbpadding-1-percent\u00a0\u00bb column_padding_position=\u00a0\u00bball\u00a0\u00bb background_color=\u00a0\u00bb#000000&Prime; background_color_opacity=\u00a0\u00bb0.3&Prime; background_color_hover=\u00a0\u00bb#73c9d9&Prime; background_hover_color_opacity=\u00a0\u00bb0.8&Prime; background_image=\u00a0\u00bb11698&Prime; enable_bg_scale=\u00a0\u00bbtrue\u00a0\u00bb column_link_target=\u00a0\u00bb_self\u00a0\u00bb column_shadow=\u00a0\u00bbnone\u00a0\u00bb column_border_radius=\u00a0\u00bbnone\u00a0\u00bb width=\u00a0\u00bb1\/4&Prime; tablet_width_inherit=\u00a0\u00bbdefault\u00a0\u00bb tablet_text_alignment=\u00a0\u00bbdefault\u00a0\u00bb phone_text_alignment=\u00a0\u00bbdefault\u00a0\u00bb column_border_width=\u00a0\u00bbnone\u00a0\u00bb column_border_style=\u00a0\u00bbsolid\u00a0\u00bb bg_image_animation=\u00a0\u00bbnone\u00a0\u00bb enable_animation=\u00a0\u00bbtrue\u00a0\u00bb animation=\u00a0\u00bbfade-in\u00a0\u00bb delay=\u00a0\u00bb200&Prime; column_link=\u00a0\u00bbhttps:\/\/www.solarispowercharter.com\/fr\/alquiler-barcos-mar-de-cortes\/\u00a0\u00bb]<div class=\"divider-wrap\" data-alignment=\"default\"><div style=\"height: 100px;\" class=\"divider\"><\/div><\/div>[vc_custom_heading text=\u00a0\u00bbMAR DE CORTES\u00a0\u00bb font_container=\u00a0\u00bbtag:h3|text_align:center\u00a0\u00bb use_theme_fonts=\u00a0\u00bbyes\u00a0\u00bb link=\u00a0\u00bburl:https%3A%2F%2Fwww.oceandreamsmallorca.com%2Falquiler-barcos-palma-mallorca%2F|||\u00a0\u00bb]<div class=\"divider-wrap\" data-alignment=\"default\"><div style=\"height: 100px;\" class=\"divider\"><\/div><\/div>[\/vc_column][vc_column centered_text=\u00a0\u00bbtrue\u00a0\u00bb column_padding=\u00a0\u00bbpadding-1-percent\u00a0\u00bb column_padding_position=\u00a0\u00bball\u00a0\u00bb background_color=\u00a0\u00bb#000000&Prime; background_color_opacity=\u00a0\u00bb0.3&Prime; background_color_hover=\u00a0\u00bb#73c9d9&Prime; background_hover_color_opacity=\u00a0\u00bb0.8&Prime; background_image=\u00a0\u00bb11702&Prime; enable_bg_scale=\u00a0\u00bbtrue\u00a0\u00bb column_link_target=\u00a0\u00bb_self\u00a0\u00bb column_shadow=\u00a0\u00bbnone\u00a0\u00bb column_border_radius=\u00a0\u00bbnone\u00a0\u00bb width=\u00a0\u00bb1\/4&Prime; tablet_width_inherit=\u00a0\u00bbdefault\u00a0\u00bb tablet_text_alignment=\u00a0\u00bbdefault\u00a0\u00bb phone_text_alignment=\u00a0\u00bbdefault\u00a0\u00bb column_border_width=\u00a0\u00bbnone\u00a0\u00bb column_border_style=\u00a0\u00bbsolid\u00a0\u00bb bg_image_animation=\u00a0\u00bbnone\u00a0\u00bb enable_animation=\u00a0\u00bbtrue\u00a0\u00bb animation=\u00a0\u00bbfade-in\u00a0\u00bb delay=\u00a0\u00bb200&Prime; column_link=\u00a0\u00bbhttps:\/\/www.solarispowercharter.com\/fr\/alquiler-barcos-seychelles-maldivas\/\u00a0\u00bb]<div class=\"divider-wrap\" data-alignment=\"default\"><div style=\"height: 100px;\" class=\"divider\"><\/div><\/div>[vc_custom_heading text=\u00a0\u00bbSEYCHELLES\u00a0\u00bb font_container=\u00a0\u00bbtag:h3|text_align:center\u00a0\u00bb use_theme_fonts=\u00a0\u00bbyes\u00a0\u00bb]<div class=\"divider-wrap\" data-alignment=\"default\"><div style=\"height: 100px;\" class=\"divider\"><\/div><\/div>[\/vc_column][vc_column centered_text=\u00a0\u00bbtrue\u00a0\u00bb column_padding=\u00a0\u00bbpadding-1-percent\u00a0\u00bb column_padding_position=\u00a0\u00bball\u00a0\u00bb background_color=\u00a0\u00bb#000000&Prime; background_color_opacity=\u00a0\u00bb0.3&Prime; background_color_hover=\u00a0\u00bb#73c9d9&Prime; background_hover_color_opacity=\u00a0\u00bb0.8&Prime; background_image=\u00a0\u00bb11706&Prime; enable_bg_scale=\u00a0\u00bbtrue\u00a0\u00bb column_link_target=\u00a0\u00bb_self\u00a0\u00bb column_shadow=\u00a0\u00bbnone\u00a0\u00bb column_border_radius=\u00a0\u00bbnone\u00a0\u00bb width=\u00a0\u00bb1\/4&Prime; tablet_width_inherit=\u00a0\u00bbdefault\u00a0\u00bb tablet_text_alignment=\u00a0\u00bbdefault\u00a0\u00bb phone_text_alignment=\u00a0\u00bbdefault\u00a0\u00bb column_border_width=\u00a0\u00bbnone\u00a0\u00bb column_border_style=\u00a0\u00bbsolid\u00a0\u00bb bg_image_animation=\u00a0\u00bbnone\u00a0\u00bb enable_animation=\u00a0\u00bbtrue\u00a0\u00bb animation=\u00a0\u00bbfade-in\u00a0\u00bb delay=\u00a0\u00bb200&Prime; column_link=\u00a0\u00bbhttps:\/\/www.solarispowercharter.com\/fr\/alquiler-barcos-tahiti\/\u00a0\u00bb]<div class=\"divider-wrap\" data-alignment=\"default\"><div style=\"height: 100px;\" class=\"divider\"><\/div><\/div>[vc_custom_heading text=\u00a0\u00bbTAHITI\u00a0\u00bb font_container=\u00a0\u00bbtag:h3|text_align:center\u00a0\u00bb use_theme_fonts=\u00a0\u00bbyes\u00a0\u00bb]<div class=\"divider-wrap\" data-alignment=\"default\"><div style=\"height: 100px;\" class=\"divider\"><\/div><\/div>[\/vc_column][vc_column centered_text=\u00a0\u00bbtrue\u00a0\u00bb column_padding=\u00a0\u00bbpadding-1-percent\u00a0\u00bb column_padding_position=\u00a0\u00bball\u00a0\u00bb background_color=\u00a0\u00bb#000000&Prime; background_color_opacity=\u00a0\u00bb0.3&Prime; background_color_hover=\u00a0\u00bb#73c9d9&Prime; background_hover_color_opacity=\u00a0\u00bb0.8&Prime; background_image=\u00a0\u00bb11710&Prime; enable_bg_scale=\u00a0\u00bbtrue\u00a0\u00bb column_link_target=\u00a0\u00bb_self\u00a0\u00bb column_shadow=\u00a0\u00bbnone\u00a0\u00bb column_border_radius=\u00a0\u00bbnone\u00a0\u00bb width=\u00a0\u00bb1\/4&Prime; tablet_width_inherit=\u00a0\u00bbdefault\u00a0\u00bb tablet_text_alignment=\u00a0\u00bbdefault\u00a0\u00bb phone_text_alignment=\u00a0\u00bbdefault\u00a0\u00bb column_border_width=\u00a0\u00bbnone\u00a0\u00bb column_border_style=\u00a0\u00bbsolid\u00a0\u00bb bg_image_animation=\u00a0\u00bbnone\u00a0\u00bb enable_animation=\u00a0\u00bbtrue\u00a0\u00bb animation=\u00a0\u00bbfade-in\u00a0\u00bb delay=\u00a0\u00bb200&Prime; column_link=\u00a0\u00bbhttps:\/\/www.solarispowercharter.com\/fr\/alquiler-barcos-tailandia\/\u00a0\u00bb]<div class=\"divider-wrap\" data-alignment=\"default\"><div style=\"height: 100px;\" class=\"divider\"><\/div><\/div>[vc_custom_heading text=\u00a0\u00bbTAILANDIA\u00a0\u00bb font_container=\u00a0\u00bbtag:h3|text_align:center\u00a0\u00bb use_theme_fonts=\u00a0\u00bbyes\u00a0\u00bb]<div class=\"divider-wrap\" data-alignment=\"default\"><div style=\"height: 100px;\" class=\"divider\"><\/div><\/div>[\/vc_column][\/vc_row][vc_row type=\u00a0\u00bbfull_width_content\u00a0\u00bb full_screen_row_position=\u00a0\u00bbmiddle\u00a0\u00bb bg_image=\u00a0\u00bb6467&Prime; bg_position=\u00a0\u00bbleft top\u00a0\u00bb bg_repeat=\u00a0\u00bbrepeat\u00a0\u00bb bg_color=\u00a0\u00bb#f2f2f2&Prime; scene_position=\u00a0\u00bbcenter\u00a0\u00bb text_color=\u00a0\u00bbdark\u00a0\u00bb text_align=\u00a0\u00bbleft\u00a0\u00bb top_padding=\u00a0\u00bb2%\u00a0\u00bb bottom_padding=\u00a0\u00bb2%\u00a0\u00bb disable_element=\u00a0\u00bbyes\u00a0\u00bb overlay_strength=\u00a0\u00bb0.3&Prime; shape_divider_position=\u00a0\u00bbbottom\u00a0\u00bb bg_image_animation=\u00a0\u00bbnone\u00a0\u00bb shape_type=\u00a0\u00bb\u00a0\u00bb][vc_column column_padding=\u00a0\u00bbno-extra-padding\u00a0\u00bb column_padding_position=\u00a0\u00bball\u00a0\u00bb background_color_opacity=\u00a0\u00bb1&Prime; background_hover_color_opacity=\u00a0\u00bb1&Prime; column_link_target=\u00a0\u00bb_self\u00a0\u00bb column_shadow=\u00a0\u00bbnone\u00a0\u00bb column_border_radius=\u00a0\u00bbnone\u00a0\u00bb width=\u00a0\u00bb1\/1&Prime; tablet_width_inherit=\u00a0\u00bbdefault\u00a0\u00bb tablet_text_alignment=\u00a0\u00bbdefault\u00a0\u00bb phone_text_alignment=\u00a0\u00bbdefault\u00a0\u00bb column_border_width=\u00a0\u00bbnone\u00a0\u00bb column_border_style=\u00a0\u00bbsolid\u00a0\u00bb bg_image_animation=\u00a0\u00bbnone\u00a0\u00bb]<div class=\"divider-wrap\" data-alignment=\"default\"><div style=\"margin-top: 12px; height: 1px; margin-bottom: 12px;\" data-width=\"100%\" data-animate=\"\" data-animation-delay=\"\" data-color=\"default\" class=\"divider-border\"><\/div><\/div>[vc_column_text]\n<h2 style=\"text-align: center;\">DISTRIBUTEUR SOLARIS POWER<\/h2>\n[\/vc_column_text][vc_column_text]<a href=\"https:\/\/www.solarispowercharter.com\/fr\/property_tag\/solaris-power-fr\/\"><img loading=\"lazy\" decoding=\"async\" class=\"aligncenter wp-image-11826 \" src=\"https:\/\/www.solarispowercharter.com\/wp-content\/uploads\/2019\/11\/logo_solarispower.jpg\" alt=\"\" width=\"300\" height=\"200\" \/><\/a>[\/vc_column_text][vc_column_text]\n<h1 class=\"block-title\" style=\"text-align: center;\">Nos clients disent<\/h1>\n[\/vc_column_text][testimonial_slider style=\u00a0\u00bbmultiple_visible_minimal\u00a0\u00bb star_rating_color=\u00a0\u00bbextra-color-gradient-1&Prime; add_border=\u00a0\u00bbtrue\u00a0\u00bb autorotate=\u00a0\u00bb5000&Prime;][testimonial star_rating=\u00a0\u00bb100%\u00a0\u00bb title=\u00a0\u00bbTestimonial\u00a0\u00bb id=\u00a0\u00bb1653641429729-9&Prime; name=\u00a0\u00bbLeo et Xisca\u00a0\u00bb quote=\u00a0\u00bbIls ont organis\u00e9 un voyage inoubliable aux Seychelles, l&rsquo;un des derniers paradis vierges sur Terre. OCEANDREAMSCharter a propos\u00e9 un s\u00e9jour de 10 jours, 7 jours en catamaran connaissant les \u00eeles et 3 jours suppl\u00e9mentaires dans un h\u00f4tel de luxe \u00e0 Port Glau. C&rsquo;est la destination tropicale la plus s\u00fbre, la plus propre et la plus belle que nous ayons jamais visit\u00e9e. Se baigner entour\u00e9 de poissons multicolores qui viennent se promener et faire un pas pour voir s\u2019ils prennent de la nourriture est hilarant &#8230; ils n\u2019ont peur de rien &#8230;.\u00a0\u00bb tab_id=\u00a0\u00bb1653641429730-4&Prime;][testimonial star_rating=\u00a0\u00bb100%\u00a0\u00bb title=\u00a0\u00bbTestimonial\u00a0\u00bb id=\u00a0\u00bb1653641429772-4&Prime; name=\u00a0\u00bbMick et Nina\u00a0\u00bb quote=\u00a0\u00bbNous ne pouvons que remercier l\u2019\u00e9quipage du Hanse 430, Ander et Oihana, leur gentillesse et leur attention pour que nous nous sentions \u00e0 l\u2019aise \u00e0 bord. Ils nous ont emmen\u00e9s de Denia \u00e0 Ibiza avec un dernier arr\u00eat \u00e0 Majorque. L&rsquo;ann\u00e9e prochaine, nous retournerons \u00e0 Majorque et Minorque. Nous ne pouvons pas \u00eatre mieux servis. B\u00e9atrice, tu as une super \u00e9quipe!\u00a0\u00bb tab_id=\u00a0\u00bb1653641429773-4&Prime;][testimonial star_rating=\u00a0\u00bb100%\u00a0\u00bb title=\u00a0\u00bbTestimonial\u00a0\u00bb id=\u00a0\u00bb1653641429790-7&Prime; name=\u00a0\u00bbLeo et Xisca\u00a0\u00bb quote=\u00a0\u00bbIls ont organis\u00e9 un voyage inoubliable aux Seychelles, l&rsquo;un des derniers paradis vierges sur Terre. OCEANDREAMSCharter a propos\u00e9 un s\u00e9jour de 10 jours, 7 jours en catamaran connaissant les \u00eeles et 3 jours suppl\u00e9mentaires dans un h\u00f4tel de luxe \u00e0 Port Glau. C&rsquo;est la destination tropicale la plus s\u00fbre, la plus propre et la plus belle que nous ayons jamais visit\u00e9e. Se baigner entour\u00e9 de poissons multicolores qui viennent se promener et faire un pas pour voir s\u2019ils prennent de la nourriture est hilarant &#8230; ils n\u2019ont peur de rien &#8230;.\u00a0\u00bb tab_id=\u00a0\u00bb1653641429790-1&Prime;][testimonial star_rating=\u00a0\u00bb100%\u00a0\u00bb title=\u00a0\u00bbTestimonial\u00a0\u00bb id=\u00a0\u00bb1653641429808-7&Prime; name=\u00a0\u00bbMick et Nina\u00a0\u00bb quote=\u00a0\u00bbNous ne pouvons que remercier l\u2019\u00e9quipage du Hanse 430, Ander et Oihana, leur gentillesse et leur attention pour que nous nous sentions \u00e0 l\u2019aise \u00e0 bord. Ils nous ont emmen\u00e9s de Denia \u00e0 Ibiza avec un dernier arr\u00eat \u00e0 Majorque. L&rsquo;ann\u00e9e prochaine, nous retournerons \u00e0 Majorque et Minorque. Nous ne pouvons pas \u00eatre mieux servis. B\u00e9atrice, tu as une super \u00e9quipe!\u00a0\u00bb tab_id=\u00a0\u00bb1653641429808-6&Prime;][\/testimonial_slider][\/vc_column][\/vc_row][vc_row type=\u00a0\u00bbin_container\u00a0\u00bb full_screen_row_position=\u00a0\u00bbmiddle\u00a0\u00bb bg_color=\u00a0\u00bb#ffffff\u00a0\u00bb scene_position=\u00a0\u00bbcenter\u00a0\u00bb text_color=\u00a0\u00bbdark\u00a0\u00bb text_align=\u00a0\u00bbleft\u00a0\u00bb top_padding=\u00a0\u00bb2%\u00a0\u00bb id=\u00a0\u00bbboats\u00a0\u00bb overlay_strength=\u00a0\u00bb0.3&Prime; shape_divider_position=\u00a0\u00bbbottom\u00a0\u00bb bg_image_animation=\u00a0\u00bbfade-in\u00a0\u00bb shape_type=\u00a0\u00bb\u00a0\u00bb][vc_column column_padding=\u00a0\u00bbpadding-1-percent\u00a0\u00bb column_padding_position=\u00a0\u00bbleft-right\u00a0\u00bb background_color_opacity=\u00a0\u00bb1&Prime; background_hover_color_opacity=\u00a0\u00bb1&Prime; column_link_target=\u00a0\u00bb_self\u00a0\u00bb column_shadow=\u00a0\u00bbnone\u00a0\u00bb column_border_radius=\u00a0\u00bbnone\u00a0\u00bb width=\u00a0\u00bb1\/1&Prime; tablet_width_inherit=\u00a0\u00bbdefault\u00a0\u00bb tablet_text_alignment=\u00a0\u00bbdefault\u00a0\u00bb phone_text_alignment=\u00a0\u00bbdefault\u00a0\u00bb column_border_width=\u00a0\u00bbnone\u00a0\u00bb column_border_style=\u00a0\u00bbsolid\u00a0\u00bb bg_image_animation=\u00a0\u00bbnone\u00a0\u00bb][\/vc_column][\/vc_row][vc_row type=\u00a0\u00bbfull_width_background\u00a0\u00bb full_screen_row_position=\u00a0\u00bbmiddle\u00a0\u00bb bg_image=\u00a0\u00bb6467&Prime; bg_position=\u00a0\u00bbleft top\u00a0\u00bb bg_repeat=\u00a0\u00bbrepeat\u00a0\u00bb scene_position=\u00a0\u00bbcenter\u00a0\u00bb text_color=\u00a0\u00bbdark\u00a0\u00bb text_align=\u00a0\u00bbcenter\u00a0\u00bb top_padding=\u00a0\u00bb2%\u00a0\u00bb bottom_padding=\u00a0\u00bb2%\u00a0\u00bb id=\u00a0\u00bbrooms\u00a0\u00bb color_overlay=\u00a0\u00bbrgba(0,0,0,0.08)\u00a0\u00bb overlay_strength=\u00a0\u00bb0.3&Prime; shape_divider_position=\u00a0\u00bbtop\u00a0\u00bb shape_divider_bring_to_front=\u00a0\u00bbtrue\u00a0\u00bb bg_image_animation=\u00a0\u00bbnone\u00a0\u00bb shape_type=\u00a0\u00bbwaves_opacity\u00a0\u00bb][vc_column column_padding=\u00a0\u00bbno-extra-padding\u00a0\u00bb column_padding_position=\u00a0\u00bball\u00a0\u00bb background_color_opacity=\u00a0\u00bb1&Prime; background_hover_color_opacity=\u00a0\u00bb1&Prime; column_link_target=\u00a0\u00bb_self\u00a0\u00bb column_shadow=\u00a0\u00bbnone\u00a0\u00bb column_border_radius=\u00a0\u00bbnone\u00a0\u00bb width=\u00a0\u00bb1\/1&Prime; tablet_width_inherit=\u00a0\u00bbdefault\u00a0\u00bb tablet_text_alignment=\u00a0\u00bbdefault\u00a0\u00bb phone_text_alignment=\u00a0\u00bbdefault\u00a0\u00bb column_border_width=\u00a0\u00bbnone\u00a0\u00bb column_border_style=\u00a0\u00bbsolid\u00a0\u00bb bg_image_animation=\u00a0\u00bbnone\u00a0\u00bb][\/vc_column][\/vc_row][vc_row type=\u00a0\u00bbfull_width_content\u00a0\u00bb full_screen_row_position=\u00a0\u00bbmiddle\u00a0\u00bb bg_color=\u00a0\u00bb#ffffff\u00a0\u00bb scene_position=\u00a0\u00bbcenter\u00a0\u00bb text_color=\u00a0\u00bbdark\u00a0\u00bb text_align=\u00a0\u00bbleft\u00a0\u00bb id=\u00a0\u00bbcontacto\u00a0\u00bb overlay_strength=\u00a0\u00bb0.3&Prime; shape_divider_position=\u00a0\u00bbbottom\u00a0\u00bb bg_image_animation=\u00a0\u00bbnone\u00a0\u00bb shape_type=\u00a0\u00bb\u00a0\u00bb][vc_column column_padding=\u00a0\u00bbpadding-7-percent\u00a0\u00bb column_padding_position=\u00a0\u00bball\u00a0\u00bb background_color=\u00a0\u00bb#f4f4f4&Prime; background_color_opacity=\u00a0\u00bb1&Prime; background_hover_color_opacity=\u00a0\u00bb1&Prime; column_link_target=\u00a0\u00bb_self\u00a0\u00bb column_shadow=\u00a0\u00bbnone\u00a0\u00bb column_border_radius=\u00a0\u00bbnone\u00a0\u00bb width=\u00a0\u00bb1\/2&Prime; tablet_width_inherit=\u00a0\u00bbdefault\u00a0\u00bb tablet_text_alignment=\u00a0\u00bbdefault\u00a0\u00bb phone_text_alignment=\u00a0\u00bbdefault\u00a0\u00bb column_border_width=\u00a0\u00bbnone\u00a0\u00bb column_border_style=\u00a0\u00bbsolid\u00a0\u00bb bg_image_animation=\u00a0\u00bbnone\u00a0\u00bb][vc_column_text]\n<h1 class=\"block-title\">Contact<\/h1>\n<p><b>Solarios Power Charter<\/b><\/p>\n<p>+34 971 404 588<br \/>\n+34 628 055 474<br \/>\n<a href=\"mailto:info@oceandreammallorca.com\">georges@solarispowercharter.com<\/a><\/p>\n<div>Gran Via 22, Local 1A,<br \/>\nPort Adriano Village<br \/>\nE-07180\u00a0El Toro<\/div>\n[\/vc_column_text][\/vc_column][vc_column column_padding=\u00a0\u00bbno-extra-padding\u00a0\u00bb column_padding_position=\u00a0\u00bball\u00a0\u00bb background_color_opacity=\u00a0\u00bb1&Prime; background_hover_color_opacity=\u00a0\u00bb1&Prime; column_link_target=\u00a0\u00bb_blank\u00a0\u00bb column_shadow=\u00a0\u00bbnone\u00a0\u00bb column_border_radius=\u00a0\u00bbnone\u00a0\u00bb width=\u00a0\u00bb1\/2&Prime; tablet_width_inherit=\u00a0\u00bbdefault\u00a0\u00bb tablet_text_alignment=\u00a0\u00bbdefault\u00a0\u00bb phone_text_alignment=\u00a0\u00bbdefault\u00a0\u00bb column_border_width=\u00a0\u00bbnone\u00a0\u00bb column_border_style=\u00a0\u00bbsolid\u00a0\u00bb bg_image_animation=\u00a0\u00bbnone\u00a0\u00bb column_link=\u00a0\u00bbhttps:\/\/www.google.com\/maps\/place\/Carrer+Gran+Via,+22,+07180+El+Toro,+Illes+Balears\/@39.4882314,2.4783001,17z\/data=!3m1!4b1!4m5!3m4!1s0x129788477c03c98f:0x70f7218030059fd6!8m2!3d39.4882314!4d2.4804888&Prime;][nectar_gmap map_type=\u00a0\u00bbleaflet\u00a0\u00bb zoom=\u00a0\u00bb17&Prime; marker_style=\u00a0\u00bbnectar\u00a0\u00bb color=\u00a0\u00bbaccent-color\u00a0\u00bb leaflet_map_greyscale=\u00a0\u00bb1&Prime; infowindow_start_open=\u00a0\u00bb1&Prime; size=\u00a0\u00bb600&Prime; map_center_lat=\u00a0\u00bb39.488202&Prime; map_center_lng=\u00a0\u00bb2.480553&Prime; map_markers=\u00a0\u00bb39.488202|2.480553&Prime;][\/vc_column][\/vc_row]\n","protected":false},"excerpt":{"rendered":"<p>[vc_row type=\u00a0\u00bbin_container\u00a0\u00bb full_screen_row_position=\u00a0\u00bbmiddle\u00a0\u00bb scene_position=\u00a0\u00bbcenter\u00a0\u00bb text_color=\u00a0\u00bbdark\u00a0\u00bb text_align=\u00a0\u00bbleft\u00a0\u00bb disable_element=\u00a0\u00bbyes\u00a0\u00bb overlay_strength=\u00a0\u00bb0.3&Prime; shape_divider_position=\u00a0\u00bbbottom\u00a0\u00bb bg_image_animation=\u00a0\u00bbnone\u00a0\u00bb parallax_bg=\u00a0\u00bbtrue\u00a0\u00bb parallax_bg_speed=\u00a0\u00bbfixed\u00a0\u00bb shape_type=\u00a0\u00bb\u00a0\u00bb][vc_column column_padding=\u00a0\u00bbno-extra-padding\u00a0\u00bb column_padding_position=\u00a0\u00bball\u00a0\u00bb background_color_opacity=\u00a0\u00bb1&Prime; background_hover_color_opacity=\u00a0\u00bb1&Prime; column_link_target=\u00a0\u00bb_self\u00a0\u00bb column_shadow=\u00a0\u00bbnone\u00a0\u00bb column_border_radius=\u00a0\u00bbnone\u00a0\u00bb width=\u00a0\u00bb1\/1&Prime; tablet_width_inherit=\u00a0\u00bbdefault\u00a0\u00bb tablet_text_alignment=\u00a0\u00bbdefault\u00a0\u00bb phone_text_alignment=\u00a0\u00bbdefault\u00a0\u00bb column_border_width=\u00a0\u00bbnone\u00a0\u00bb&#8230;<\/p>\n","protected":false},"author":1,"featured_media":0,"parent":0,"menu_order":0,"comment_status":"closed","ping_status":"closed","template":"","meta":{"footnotes":""},"class_list":["post-8391","page","type-page","status-publish"],"_links":{"self":[{"href":"https:\/\/www.solarispowercharter.com\/fr\/wp-json\/wp\/v2\/pages\/8391\/"}],"collection":[{"href":"https:\/\/www.solarispowercharter.com\/fr\/wp-json\/wp\/v2\/pages\/"}],"about":[{"href":"https:\/\/www.solarispowercharter.com\/fr\/wp-json\/wp\/v2\/types\/page\/"}],"author":[{"embeddable":true,"href":"https:\/\/www.solarispowercharter.com\/fr\/wp-json\/wp\/v2\/users\/1\/"}],"replies":[{"embeddable":true,"href":"https:\/\/www.solarispowercharter.com\/fr\/wp-json\/wp\/v2\/comments\/?post=8391"}],"version-history":[{"count":7,"href":"https:\/\/www.solarispowercharter.com\/fr\/wp-json\/wp\/v2\/pages\/8391\/revisions\/"}],"predecessor-version":[{"id":22872,"href":"https:\/\/www.solarispowercharter.com\/fr\/wp-json\/wp\/v2\/pages\/8391\/revisions\/22872\/"}],"wp:attachment":[{"href":"https:\/\/www.solarispowercharter.com\/fr\/wp-json\/wp\/v2\/media\/?parent=8391"}],"curies":[{"name":"wp","href":"https:\/\/api.w.org\/{rel}","templated":true}]}}